{"id":1237,"date":"2019-09-13T09:56:04","date_gmt":"2019-09-13T09:56:04","guid":{"rendered":"http:\/\/www.fondationchopin.org\/?page_id=1237"},"modified":"2026-01-20T13:40:16","modified_gmt":"2026-01-20T13:40:16","slug":"historique-de-fondation-chopin","status":"publish","type":"page","link":"https:\/\/www.fondationchopin.org\/pl\/index.php\/historique-de-fondation-chopin\/","title":{"rendered":"Historia fundacji chopina"},"content":{"rendered":"<h2>Historia fundacji chopina 1999-2026<\/h2>\n<p>Fundacja Chopina powsta\u0142a w 1999 roku z inicjatywy Pani Chantal Lobert i\u00a0Mistrza Ma\u00eetre Jean-Claude Vanden Eynden na pro\u015bb\u0119 Ambasady RP w\u00a0Brukseli, J.E. Jana Wojciecha Piekarskiego, Ksi\u0119cia Michela Sapiehy, Pani Micheline Briclet i\u00a0Pana Lawrence\u2019a Sepulchre. Kancelaria Liedekerke Wolters Waelbroeck Kirkpatrick zapewni\u0142a pro bono wsparcie prawne w\u00a0zakresie powo\u0142ania Fundacji Chopina.<\/p>\n<p>Wobec przygotowa\u0144 do wst\u0105pienia Polski do Unii Europejskiej, konieczno\u015b\u0107 utworzenia Fundacji wspieraj\u0105cej wsp\u00f3\u0142prac\u0119 polsko-belgijsk\u0105 na styku \u015bwiata biznesu i kultury wydawa\u0142a si\u0119 oczywista.<\/p>\n<p>Fundatorzy rozumieli potrzeb\u0119 wspierania m\u0142odych talent\u00f3w muzycznych \u2013 zar\u00f3wno polskich, jak i belgijskich. Gdy m\u0142odzi muzycy \u2013 kt\u00f3rym dzi\u0119ki wysi\u0142kowi i dyscyplinie uda\u0142o si\u0119 przez lata godzi\u0107 edukacj\u0119 szkoln\u0105 i\u00a0muzyczn\u0105 \u2013 opuszczaj\u0105 konserwatorium, by rozpocz\u0105\u0107 \u017cycie zawodowe i\u00a0uniezale\u017cni\u0107 si\u0119 finansowo, mog\u0105 liczy\u0107 na pe\u0142ne wsparcie naszej Fundacji poprzez przyznanie i\u00a0finansowanie sta\u017cy muzycznych. Otrzymuj\u0105 od nas wsparcie tak\u017ce w postaci stworzenia mo\u017cliwo\u015bci wyst\u0119powania przed publiczno\u015bci\u0105.<\/p>\n<p>W organizacj\u0119 koncert\u00f3w od pocz\u0105tku zaanga\u017cowa\u0142y si\u0119 wa\u017cne osobisto\u015bci \u015bwiata biznesu i muzyki takie jak: Pani Jos\u00e9e Deriu, Pan Philippe Delaunois, Pan Pascale Lizin, Pan Bernard Joskin, Pan Maciej Kaliski , gubernator Dalem, Ksi\u0119\u017cna Czwetwerty\u0144ska, Pani V\u00e9ronique Bogaert, Pan Laurent De Meyer. Przez ostatnie 20 lat grupa ta tworzy\u0142a nasz Zarz\u0105d i z oddaniem realizowa\u0142a misj\u0119 Fundacji Chopina.<\/p>\n<p>Fundacja Chopina by\u0142a partnerem festiwalu Europalia Polska 2001, a w 2013 roku Minister Kultury Rzeczypospolitej Polski przyzna\u0142 jej odznak\u0119 \u201eZas\u0142u\u017cony dla Kultury Polskiej\u201d.<\/p>\n<p>W 2019 roku Fundacja obchodzi\u0142a dwudziestolecie dzia\u0142alno\u015bci, a do zarz\u0105du Fundacji do\u0142\u0105czy\u0142a Hrabina Komorowska. W 2024 roku do Fundacji przyj\u0119to tak\u017ce jako doradc\u0119 muzycznego Pani\u0105 Eliane Reyes, a jako doradc\u00f3w Pani\u0105 Chantal Ansiau, Pani\u0105 Nada Zdero, Pani\u0105 Agnes Theunissen i Pani\u0105 Christine Swenden. Zar\u00f3wno cz\u0142onkowie Zarz\u0105du, jak i doradcy dzia\u0142aj\u0105 na rzecz wspierania m\u0142odych muzyk\u00f3w w rozwijaniu ich talent\u00f3w i osi\u0105gni\u0119cia sukcesu w przysz\u0142o\u015bci.<\/p>\n<p>Zarz\u0105d bardzo dzi\u0119kuj\u0119 Honorowemu Prezesowi Mistrzowi Jean-Claude\u2019owi Vanden Eynden, Pani V\u00e9ronique Bogaerts i Pani Eliane Reyes za nieustaj\u0105ce wsparcie Fundacji w kwestiach muzycznych.<\/p>\n<p>Od czerwca 2019 r. w zwi\u0105zku z propozycj\u0105 Ambasady RP, by prowadzi\u0107 dzia\u0142alno\u015b\u0107 Fundacji we wszystkich trzech regionach Belgii: Regionie Flamandzkim, Regionie Walo\u0144skim i Regionie Sto\u0142ecznym Brukseli, Fundacja Chopina sta\u0142a si\u0119 \u00ab\u00a0La Fondation Stichting Stiftung Chopin\u00a0\u00bb, og\u00f3lnokrajow\u0105 prywatn\u0105 fundacj\u0105 za\u0142o\u017con\u0105 przez Ambasad\u0119 RP reprezentowan\u0105 przez J.E. Artura Orzechowskiego, Mistrza Jean-Claude\u2019a Vanden Eynden, Pani\u0105 Chantal Lobert, Pani\u0105 Jos\u00e9e Deriu, Pana Philippe Delaunois i stowarzyszenie ASBL Fondation Chopin.<\/p>\n<p>Wszystkie wydarzenia Fundacji Chopina zaszczycali swoj\u0105 obecno\u015bci\u0105 kolejni ambasadorzy RP w Brukseli: J.E. Piekarski, J.E. Byczewski, J.E. Czarlewski, J.E. Harazim, J.E. Orzechowski i obecnie J.E. Siemianowski. Fundacja korzysta\u0142a z\u00a0ich przychylno\u015bci i wsparcia, a tak\u017ce mia\u0142a zapewnion\u0105 mo\u017cliwo\u015b\u0107 organizacji wydarze\u0144 w budynku Ambasady. Zarz\u0105d Fundacji dzi\u0119kuje ambasadorom za zaufanie okazane przez te 24 lata.<\/p>\n<p>Zarz\u0105d Fundacji i jej doradcy dzi\u0119kuj\u0105 Pa\u0144stwu za wsparcie naszej Fundacji i\u00a0m\u0142odych muzyk\u00f3w. Poprzez przyst\u0105pienie do naszej Fundacji, stwarzaj\u0105 im Pa\u0144stwo mo\u017cliwo\u015b\u0107 rozwijania ich kunsztu.<\/p>\n","protected":false},"excerpt":{"rendered":"<p>Historia fundacji chopina 1999-2026 Fundacja Chopina powsta\u0142a w 1999 roku z inicjatywy Pani Chantal Lobert i\u00a0Mistrza Ma\u00eetre Jean-Claude Vanden Eynden na pro\u015bb\u0119 Ambasady RP w\u00a0Brukseli, J.E. Jana Wojciecha Piekarskiego, Ksi\u0119cia Michela Sapiehy, Pani Micheline Briclet i\u00a0Pana Lawrence\u2019a Sepulchre. Kancelaria Liedekerke Wolters Waelbroeck Kirkpatrick zapewni\u0142a pro bono wsparcie prawne w\u00a0zakresie powo\u0142ania Fundacji Chopina. Wobec przygotowa\u0144 do &hellip; <a class=\"next\" href=\"https:\/\/www.fondationchopin.org\/pl\/index.php\/historique-de-fondation-chopin\/\">Lire la suite<\/a><\/p>\n","protected":false},"author":8,"featured_media":0,"parent":0,"menu_order":0,"comment_status":"closed","ping_status":"closed","template":"","meta":[],"_links":{"self":[{"href":"https:\/\/www.fondationchopin.org\/pl\/index.php\/wp-json\/wp\/v2\/pages\/1237"}],"collection":[{"href":"https:\/\/www.fondationchopin.org\/pl\/index.php\/wp-json\/wp\/v2\/pages"}],"about":[{"href":"https:\/\/www.fondationchopin.org\/pl\/index.php\/wp-json\/wp\/v2\/types\/page"}],"author":[{"embeddable":true,"href":"https:\/\/www.fondationchopin.org\/pl\/index.php\/wp-json\/wp\/v2\/users\/8"}],"replies":[{"embeddable":true,"href":"https:\/\/www.fondationchopin.org\/pl\/index.php\/wp-json\/wp\/v2\/comments?post=1237"}],"version-history":[{"count":41,"href":"https:\/\/www.fondationchopin.org\/pl\/index.php\/wp-json\/wp\/v2\/pages\/1237\/revisions"}],"predecessor-version":[{"id":2752,"href":"https:\/\/www.fondationchopin.org\/pl\/index.php\/wp-json\/wp\/v2\/pages\/1237\/revisions\/2752"}],"wp:attachment":[{"href":"https:\/\/www.fondationchopin.org\/pl\/index.php\/wp-json\/wp\/v2\/media?parent=1237"}],"curies":[{"name":"wp","href":"https:\/\/api.w.org\/{rel}","templated":true}]}}